{"id":49,"date":"2015-10-08T08:26:55","date_gmt":"2015-10-08T07:26:55","guid":{"rendered":"http:\/\/100lat.1lo.com.pl\/?page_id=49"},"modified":"2016-01-13T12:45:28","modified_gmt":"2016-01-13T11:45:28","slug":"uroczysty-bal","status":"publish","type":"page","link":"https:\/\/100lat.1lo.com.pl\/index.php\/uroczysty-bal\/","title":{"rendered":"Uroczysty Bal"},"content":{"rendered":"<p><a class=\"lightbox\" href=\"http:\/\/100lat.1lo.com.pl\/wp-content\/uploads\/2015\/10\/plakat1nielisz.jpg\"><img loading=\"lazy\" decoding=\"async\" class=\"aligncenter size-full wp-image-680\" src=\"http:\/\/100lat.1lo.com.pl\/wp-content\/uploads\/2015\/10\/plakat1nielisz.jpg\" alt=\"\" width=\"830\" height=\"595\" \/><\/a><\/p>\n<p>&nbsp;<\/p>\n<p>Bal absolwenta &#8211; Cena balu (bez noclegu) wynosi <strong>150,00<\/strong> z\u0142 od osoby.<\/p>\n<p><strong>W cenie us\u0142ugi<\/strong>\u00a0<strong>(150z\u0142)<\/strong>\u00a0zawarte jest: <strong>pocz\u0119stunek<\/strong>, <strong>oprawa muzyczna<\/strong> i <strong>dojazd na trasie Zamo\u015b\u0107 \u2013 Nielisz, Nielisz \u2013 Zamo\u015b\u0107.<\/strong><\/p>\n<p><strong>\u00a0<\/strong><\/p>\n<p>Istnieje mo\u017cliwo\u015b\u0107 dokonania rezerwacji pokoi hotelowych w cenie:<\/p>\n<p>&#8211; dwu osobowy \u2013 50,00 z\u0142 od osoby<\/p>\n<p>&#8211; trzy osobowy \u2013 45,00 z\u0142 od osoby<\/p>\n<p>&#8211; wieloosobowy \u2013 40,00 z\u0142 od osoby<\/p>\n<p>oraz miejsc w pokojach agroturystycznych w cenie od 30 \u2013 50 z\u0142 od osoby.<\/p>\n<p>W sprawie nocleg\u00f3w kontakt &#8211; recepcja@marinanielisz.pl<\/p>\n<p>W pozosta\u0142ych sprawach kontakt telefoniczny &#8211; 609\u00a0728 399<\/p>\n<p><strong>Numer konta : \u201eMARYNIA\u201d Maria Ry\u0144 ul. Wyszy\u0144skiego 2 22-400 Zamo\u015b\u0107 PKO BP o\/Zamo\u015b\u0107 nr 94102053560000110200063149<\/strong><br \/>\n<a class=\"lightbox\" href=\"http:\/\/100lat.1lo.com.pl\/wp-content\/uploads\/2015\/10\/MENU.jpg\"><img loading=\"lazy\" decoding=\"async\" class=\" wp-image-680 aligncenter\" src=\"http:\/\/100lat.1lo.com.pl\/wp-content\/uploads\/2015\/10\/MENU.jpg\" alt=\"MENU\" width=\"1230\" height=\"860\" \/><\/a><\/p>\n","protected":false},"excerpt":{"rendered":"<p>&nbsp; Bal absolwenta &#8211; Cena balu (bez noclegu) wynosi 150,00 z\u0142 od osoby. W cenie us\u0142ugi\u00a0(150z\u0142)\u00a0zawarte jest: pocz\u0119stunek, oprawa muzyczna i dojazd na trasie Zamo\u015b\u0107 \u2013 Nielisz, Nielisz \u2013 Zamo\u015b\u0107. \u00a0 Istnieje mo\u017cliwo\u015b\u0107 dokonania rezerwacji pokoi hotelowych w cenie: &#8211; dwu osobowy \u2013 50,00 z\u0142 od osoby &#8211; trzy osobowy \u2013 45,00 z\u0142 od osoby<br><a class=\"moretag signature-animation\" href=\"https:\/\/100lat.1lo.com.pl\/index.php\/uroczysty-bal\/\">CZYTAJ DALEJ<\/a>","protected":false},"author":1,"featured_media":0,"parent":0,"menu_order":0,"comment_status":"closed","ping_status":"closed","template":"","meta":{"footnotes":""},"class_list":["post-49","page","type-page","status-publish","hentry"],"_links":{"self":[{"href":"https:\/\/100lat.1lo.com.pl\/index.php\/wp-json\/wp\/v2\/pages\/49","targetHints":{"allow":["GET"]}}],"collection":[{"href":"https:\/\/100lat.1lo.com.pl\/index.php\/wp-json\/wp\/v2\/pages"}],"about":[{"href":"https:\/\/100lat.1lo.com.pl\/index.php\/wp-json\/wp\/v2\/types\/page"}],"author":[{"embeddable":true,"href":"https:\/\/100lat.1lo.com.pl\/index.php\/wp-json\/wp\/v2\/users\/1"}],"replies":[{"embeddable":true,"href":"https:\/\/100lat.1lo.com.pl\/index.php\/wp-json\/wp\/v2\/comments?post=49"}],"version-history":[{"count":9,"href":"https:\/\/100lat.1lo.com.pl\/index.php\/wp-json\/wp\/v2\/pages\/49\/revisions"}],"predecessor-version":[{"id":826,"href":"https:\/\/100lat.1lo.com.pl\/index.php\/wp-json\/wp\/v2\/pages\/49\/revisions\/826"}],"wp:attachment":[{"href":"https:\/\/100lat.1lo.com.pl\/index.php\/wp-json\/wp\/v2\/media?parent=49"}],"curies":[{"name":"wp","href":"https:\/\/api.w.org\/{rel}","templated":true}]}}